{"id":3219,"date":"2024-05-28T14:31:18","date_gmt":"2024-05-28T12:31:18","guid":{"rendered":"https:\/\/ussacyclo.fr\/?page_id=3219"},"modified":"2026-03-22T17:00:48","modified_gmt":"2026-03-22T16:00:48","slug":"accueil","status":"publish","type":"page","link":"https:\/\/ussacyclo.fr\/","title":{"rendered":""},"content":{"rendered":"<div class=\"wp-block-image\">\n<figure class=\"aligncenter size-medium\"><a href=\"https:\/\/ussacyclo.fr\/wp-content\/uploads\/2024\/06\/bloc-marque-club-affilie-logo-USSA-cyclo_V5.jpg\"><img loading=\"lazy\" decoding=\"async\" width=\"300\" height=\"126\" src=\"https:\/\/ussacyclo.fr\/wp-content\/uploads\/2024\/06\/bloc-marque-club-affilie-logo-USSA-cyclo_V5-300x126.jpg\" alt=\"\" class=\"wp-image-3490\" srcset=\"https:\/\/ussacyclo.fr\/wp-content\/uploads\/2024\/06\/bloc-marque-club-affilie-logo-USSA-cyclo_V5-300x126.jpg 300w, https:\/\/ussacyclo.fr\/wp-content\/uploads\/2024\/06\/bloc-marque-club-affilie-logo-USSA-cyclo_V5-768x323.jpg 768w, https:\/\/ussacyclo.fr\/wp-content\/uploads\/2024\/06\/bloc-marque-club-affilie-logo-USSA-cyclo_V5.jpg 778w\" sizes=\"auto, (max-width: 300px) 100vw, 300px\" \/><\/a><\/figure>\n<\/div>\n\n\n<hr class=\"wp-block-separator has-alpha-channel-opacity is-style-dots\"\/>\n\n\n\n<div class=\"wp-block-buttons is-layout-flex wp-block-buttons-is-layout-flex\">\n<div class=\"wp-block-button has-custom-width wp-block-button__width-100 is-style-outline is-style-outline--1\"><a class=\"wp-block-button__link has-vivid-green-cyan-color has-white-background-color has-text-color has-background wp-element-button\">Le club est affili\u00e9 \u00e0 la F\u00e9d\u00e9ration Fran\u00e7aise de V\u00e9lo ( FFv\u00e9lo ) et propose les activit\u00e9s   ci-dessous<\/a><\/div>\n<\/div>\n\n\n<h3>\u00a0<\/h3>\n<h3 style=\"text-align: left;\"><span style=\"color: #000000;\">Activit\u00e9 Cyclo :\u00a0<\/span><\/h3>\n<p style=\"text-align: center;\">2 sorties par semaine ( dimanche matin et mercredi apr\u00e8s-midi )<\/p>\n<p style=\"text-align: center;\">Participation \u00e0 des \u00e9v\u00e8nements ext\u00e9rieurs (Brevets Cyclomontagnards, brevets f\u00e9d\u00e9raux, diagonales de France, fl\u00e8ches\u2026) ou \u00e0 des s\u00e9jours propos\u00e9s par la FFV\u00e9lo en France et \u00e0 l\u2019\u00e9tranger.<\/p>\n<p style=\"text-align: center;\"><span style=\"color: #339966;\"><strong> le RDV\u00a0 le dimanche matin sera \u00e0 8h30<\/strong><\/span><\/p>\n<p style=\"text-align: center;\"><span style=\"color: #008000;\"><strong>\u00a0\u00e0 8h \u00e0 partir de la sortie Longjumeau du 11 Avril\u00a02026<\/strong><\/span><\/p>\n<p style=\"text-align: center;\"><span style=\"color: #339966;\"><strong>le RDV du mercredi sera \u00e0 13h30\u00a0<\/strong><\/span><\/p>\n<p style=\"text-align: center;\"><span style=\"color: #008000;\"><strong>\u00a0\u00e0 14h \u00e0 partir du 1<sup>er<\/sup> mercredi de Mars 2026<\/strong><\/span><\/p>\n<p style=\"text-align: center;\"><span style=\"color: #ff00ff;\"><strong><span style=\"color: #0000ff;\"><span style=\"color: #339966;\">\u00a0 \u00a0\u00a0 \u00a0\u00a0 \u00a0\u00a0 \u00a0\u00a0 \u00a0\u00a0 \u00a0\u00a0 \u00a0\u00a0 <\/span><span style=\"color: #339966;\">Voir programme<\/span>\u00a0 <\/span><\/strong><\/span><span style=\"color: #ff00ff;\"><strong><span style=\"color: #0000ff;\"><a href=\"https:\/\/ussacyclo.fr\/wp-content\/uploads\/2026\/03\/programme-2026-sans-lien.pdf\">ETE 2026<\/a><\/span><\/strong><\/span>\u00a0 \u00a0 \u00a0 \u00a0 \u00a0 \u00a0 \u00a0 \u00a0 \u00a0<\/p>\n<p style=\"text-align: center;\">\u00a0 \u00a0 \u00a0 \u00a0 \u00a0 \u00a0 \u00a0<span style=\"color: #ff0000;\">*****************<\/span>\u00a0 \u00a0 \u00a0 \u00a0 \u00a0<\/p>\n\n\n<hr class=\"wp-block-separator has-text-color has-white-color has-alpha-channel-opacity has-white-background-color has-background is-style-wide\"\/>\n\n\n\n<p class=\"has-medium-font-size\"><mark style=\"background-color:rgba(0, 0, 0, 0)\" class=\"has-inline-color has-vivid-cyan-blue-color\"><\/mark><strong>Activit\u00e9 VTT : <\/strong><\/p>\n\n\n\n<p>Sorties le dimanche matin dans un rayon de 30 km autour de St Arnoult.<\/p>\n\n\n\n<p>Participation aux randos organis\u00e9es par les clubs voisins et parfois \u00e0 des \u00e9v\u00e8nements en province (ex : Tour du petit Luberon, Morvan, Roc d\u2019Azur, Roch des Monts d\u2019Arr\u00e9e, Brive-Rocamadour, \u2026).<\/p>\n\n\n\n<p><\/p>\n\n\n\n<p class=\"has-medium-font-size\"><strong>Ecole VTT :<\/strong><\/p>\n\n\n\n<p>L&rsquo;\u00e9cole accueille, tous les samedi apr\u00e8s-midi, les jeunes de 8 \u00e0 18 ans d\u00e9sireux de pratiquer le VTT. L\u2019encadrement est effectu\u00e9 par des \u00e9ducateurs du club form\u00e9s par la FFV\u00e9lo (animateurs, initiateurs, moniteurs) et des accompagnateurs.<\/p>\n\n\n\n<p><\/p>\n\n\n\n<p>&nbsp;<\/p>\n\n\n\n<p><\/p>\n","protected":false},"excerpt":{"rendered":"<p>\u00a0 Activit\u00e9 Cyclo :\u00a0 2 sorties par semaine ( dimanche matin et mercredi apr\u00e8s-midi ) Participation \u00e0 des \u00e9v\u00e8nements ext\u00e9rieurs (Brevets Cyclomontagnards, brevets f\u00e9d\u00e9raux, diagonales de France, fl\u00e8ches\u2026) ou \u00e0 des s\u00e9jours propos\u00e9s par la FFV\u00e9lo en France et \u00e0&hellip;  <\/p>\n<p class=\"more-link\"><a href=\"https:\/\/ussacyclo.fr\/\">Lire la suite <span class=\"meta-nav\">&rarr;<\/span><\/a><\/p>\n","protected":false},"author":164,"featured_media":0,"parent":0,"menu_order":0,"comment_status":"closed","ping_status":"closed","template":"","meta":{"footnotes":""},"class_list":["post-3219","page","type-page","status-publish","hentry"],"_links":{"self":[{"href":"https:\/\/ussacyclo.fr\/index.php?rest_route=\/wp\/v2\/pages\/3219","targetHints":{"allow":["GET"]}}],"collection":[{"href":"https:\/\/ussacyclo.fr\/index.php?rest_route=\/wp\/v2\/pages"}],"about":[{"href":"https:\/\/ussacyclo.fr\/index.php?rest_route=\/wp\/v2\/types\/page"}],"author":[{"embeddable":true,"href":"https:\/\/ussacyclo.fr\/index.php?rest_route=\/wp\/v2\/users\/164"}],"replies":[{"embeddable":true,"href":"https:\/\/ussacyclo.fr\/index.php?rest_route=%2Fwp%2Fv2%2Fcomments&post=3219"}],"version-history":[{"count":91,"href":"https:\/\/ussacyclo.fr\/index.php?rest_route=\/wp\/v2\/pages\/3219\/revisions"}],"predecessor-version":[{"id":4790,"href":"https:\/\/ussacyclo.fr\/index.php?rest_route=\/wp\/v2\/pages\/3219\/revisions\/4790"}],"wp:attachment":[{"href":"https:\/\/ussacyclo.fr\/index.php?rest_route=%2Fwp%2Fv2%2Fmedia&parent=3219"}],"curies":[{"name":"wp","href":"https:\/\/api.w.org\/{rel}","templated":true}]}}