{"id":4130,"date":"2025-07-04T13:50:10","date_gmt":"2025-07-04T11:50:10","guid":{"rendered":"https:\/\/ussacyclo.fr\/?page_id=4130"},"modified":"2025-09-09T22:41:53","modified_gmt":"2025-09-09T20:41:53","slug":"bsa-2025","status":"publish","type":"page","link":"https:\/\/ussacyclo.fr\/?page_id=4130","title":{"rendered":"BSA 2025"},"content":{"rendered":"\n<hr class=\"wp-block-separator has-alpha-channel-opacity\" id=\"block-a31db6aa-f629-40a7-96f0-591de96e2afc\"\/>\n\n\n\n<h3 class=\"wp-block-heading\" id=\"block-2b9956dd-92c2-40e8-aa9e-bb604006b841\"><strong>Pr\u00e9sentation et informations<\/strong><\/h3>\n\n\n\n<p>En cas de question, n&rsquo;h\u00e9sitez pas \u00e0 nous contacter sur <strong>bsa@ussacyclo.fr<\/strong><\/p>\n\n\n\n<p><strong>Statut : Nous sommes pr\u00eats \u00e0 vous accueillir avec une m\u00e9t\u00e9o ensoleill\u00e9e !<\/strong><\/p>\n\n\n\n<p>Les diff\u00e9rentes demandes d&rsquo;autorisation (ONF, Pr\u00e9fectures, D\u00e9partements, Communes,&#8230;) ont \u00e9t\u00e9 satisfaites. Des frais de dossier incluant une \u00e9co-participation sont vers\u00e9s \u00e0 l&rsquo;ONF au titre de l&rsquo;autorisation \u00e0 emprunter les chemins autoris\u00e9s par les manifestations en for\u00eat.<\/p>\n\n\n\n<figure class=\"wp-block-image size-large\"><a href=\"https:\/\/ussacyclo.fr\/wp-content\/uploads\/2025\/07\/AfficheBSA2025_V3-1-scaled.jpg\"><img loading=\"lazy\" decoding=\"async\" width=\"738\" height=\"1024\" src=\"https:\/\/ussacyclo.fr\/wp-content\/uploads\/2025\/07\/AfficheBSA2025_V3-1-738x1024.jpg\" alt=\"\" class=\"wp-image-4193\" srcset=\"https:\/\/ussacyclo.fr\/wp-content\/uploads\/2025\/07\/AfficheBSA2025_V3-1-738x1024.jpg 738w, https:\/\/ussacyclo.fr\/wp-content\/uploads\/2025\/07\/AfficheBSA2025_V3-1-216x300.jpg 216w, https:\/\/ussacyclo.fr\/wp-content\/uploads\/2025\/07\/AfficheBSA2025_V3-1-768x1065.jpg 768w, https:\/\/ussacyclo.fr\/wp-content\/uploads\/2025\/07\/AfficheBSA2025_V3-1-1108x1536.jpg 1108w, https:\/\/ussacyclo.fr\/wp-content\/uploads\/2025\/07\/AfficheBSA2025_V3-1-1477x2048.jpg 1477w, https:\/\/ussacyclo.fr\/wp-content\/uploads\/2025\/07\/AfficheBSA2025_V3-1-260x360.jpg 260w, https:\/\/ussacyclo.fr\/wp-content\/uploads\/2025\/07\/AfficheBSA2025_V3-1-scaled.jpg 1846w\" sizes=\"auto, (max-width: 738px) 100vw, 738px\" \/><\/a><\/figure>\n\n\n\n<p id=\"block-37a0194d-6ee3-4644-b6ed-93e8d1c2362e\">Une organisation \u00e9co-responsable, depuis toujours.<\/p>\n\n\n\n<p id=\"block-37a0194d-6ee3-4644-b6ed-93e8d1c2362e\"><strong>Les randonn\u00e9es du Bon St Arnoult<\/strong> sont organis\u00e9es dans l&rsquo;esprit qui caract\u00e9rise toutes les manifestations de la FFv\u00e9lo (F\u00e9d\u00e9ration Fran\u00e7aise de Cyclotourisme):<\/p>\n\n\n\n<ul id=\"block-4acfc8e2-b7f2-4661-a044-c49cf8dacb1a\" class=\"wp-block-list\">\n<li>pas de comp\u00e9tition, \u00e0 chacun son rythme<\/li>\n\n\n\n<li>s\u00e9curit\u00e9,<\/li>\n\n\n\n<li>convivialit\u00e9, courtoisie,<\/li>\n\n\n\n<li>respect des autres usagers (promeneurs, cavaliers, etc&#8230;)<\/li>\n\n\n\n<li>respect du code de la route<\/li>\n\n\n\n<li>respect de la nature<\/li>\n<\/ul>\n\n\n\n<p id=\"block-e678cd6a-55da-41e2-9884-c2575ad54a72\"><\/p>\n\n\n\n<hr class=\"wp-block-separator has-alpha-channel-opacity\" id=\"block-9a3a79ce-cd11-4a5a-a149-6b6b539ab362\"\/>\n\n\n\n<figure class=\"wp-block-image size-full\"><a href=\"https:\/\/ussacyclo.fr\/wp-content\/uploads\/2025\/06\/Tarifs-BSA-2025.jpg\"><img loading=\"lazy\" decoding=\"async\" width=\"597\" height=\"270\" src=\"https:\/\/ussacyclo.fr\/wp-content\/uploads\/2025\/06\/Tarifs-BSA-2025.jpg\" alt=\"\" class=\"wp-image-4133\" srcset=\"https:\/\/ussacyclo.fr\/wp-content\/uploads\/2025\/06\/Tarifs-BSA-2025.jpg 597w, https:\/\/ussacyclo.fr\/wp-content\/uploads\/2025\/06\/Tarifs-BSA-2025-300x136.jpg 300w\" sizes=\"auto, (max-width: 597px) 100vw, 597px\" \/><\/a><\/figure>\n\n\n\n<hr class=\"wp-block-separator has-alpha-channel-opacity\" id=\"block-cc91879a-2730-4530-bd3e-f5944ca9bd1f\"\/>\n\n\n\n<p id=\"block-968377e4-856f-4c8b-9fed-29a0d80e940e\"><strong>Pour votre s\u00e9curit\u00e9, le port du casque est obligatoire pour les Cyclos\/Gravel et VTTistes<\/strong><\/p>\n\n\n\n<pre class=\"wp-block-preformatted\"><strong><mark>Les inscriptions en ligne sont ouvertes du 14\/07 jusqu'au samedi 6\/9 16h<\/mark><\/strong>.<br>Les inscriptions en ligne sont <strong>obligatoires <\/strong>pour VTT 25\/40\/55\/70 pour Cyclo route 60\/80\/95 et pour Gravel 60\/80. <br><br><br><iframe id=\"haWidget\" allowtransparency=\"true\" src=\"https:\/\/www.helloasso.com\/associations\/ussa-cyclo-vtt\/evenements\/randos-du-bon-st-arnoult-bsa-2025\/widget-bouton\" style=\"width: 100%; height: 70px; border: none;\" onload=\"window.addEventListener( 'message', e =&gt; { const dataHeight = e.data.height; const haWidgetElement = document.getElementById('haWidget'); haWidgetElement.height = dataHeight + 'px'; } )\"><\/iframe><br><br><strong>Inscription sur place<\/strong> :<br>Les inscriptions possibles sur place (VTT 12, Marche 8\/10) ont lieu au stade \u00e0 partir de 7h00. <br><br>Des inscriptions sur place seront accept\u00e9es pour les autres parcours VTT, Cyclo et Gravel <strong>uniquement s'il y a des disponibilit\u00e9s<\/strong> et avec majoration des tarifs de 2 \u20ac. <br><br><strong>Nous vous associons \u00e0 notre d\u00e9marche pour des randonn\u00e9es \u00e9co-responsables; d\u00e9marche tellement n\u00e9cessaire pour notre plan\u00e8te ! Alors SVP, n'oubliez pas de venir avec votre gobelet r\u00e9utilisable, il vous sera n\u00e9cessaire pour boire aux points de ravitaillements.<\/strong><br><br><strong>Inscription club<\/strong> :<br>La feuille d'inscription r\u00e9serv\u00e9e aux clubs est disponible ici en <strong><a href=\"https:\/\/ussacyclo.fr\/wp-content\/uploads\/2025\/07\/Bulletin-Inscription-Club-BSA2025.pdf\">pdf<\/a><\/strong> ou en <a href=\"https:\/\/ussacyclo.fr\/wp-content\/uploads\/2025\/07\/Bulletin-Inscription-Club-BSA2025.xls\"><strong>xls<\/strong><\/a>.   <\/pre>\n\n\n\n<p id=\"block-e34fbfa2-bb0c-41a8-a709-2ac0b4a930d3\">Les jeunes mineurs doivent \u00eatre accompagn\u00e9s d&rsquo;un adulte et pr\u00e9senter une autorisation parentale.<\/p>\n\n\n\n<hr class=\"wp-block-separator has-alpha-channel-opacity\" id=\"block-ed3e99f9-06ce-4af2-b577-043b3d93f8b1\"\/>\n\n\n\n<figure class=\"wp-block-image size-full\" id=\"block-3d1c46e1-bc31-4dd1-a2fc-b6a90bc4ec2f\"><img loading=\"lazy\" decoding=\"async\" width=\"538\" height=\"354\" src=\"https:\/\/ussacyclo.fr\/wp-content\/uploads\/2025\/07\/Route-60-80-95.jpg\" alt=\"\" class=\"wp-image-4186\" srcset=\"https:\/\/ussacyclo.fr\/wp-content\/uploads\/2025\/07\/Route-60-80-95.jpg 538w, https:\/\/ussacyclo.fr\/wp-content\/uploads\/2025\/07\/Route-60-80-95-300x197.jpg 300w\" sizes=\"auto, (max-width: 538px) 100vw, 538px\" \/><\/figure>\n\n\n\n<p id=\"block-8c44b3e6-785d-440f-81f7-a3d61aba16d9\"><strong>Cyclo Route<\/strong>&nbsp;: Seuls les parcours 60 et 80 km sont balis\u00e9s. Le parcours 95 km n&rsquo;est pas balis\u00e9 (trace gpx fournie).<\/p>\n\n\n\n<p id=\"block-8c44b3e6-785d-440f-81f7-a3d61aba16d9\">1 ravitaillement sur les parcours, ainsi qu&rsquo;\u00e0 l&rsquo;arriv\u00e9e.<\/p>\n\n\n\n<figure class=\"wp-block-image size-full is-resized\"><a href=\"https:\/\/ussacyclo.fr\/wp-content\/uploads\/2025\/09\/BSA-2025-Route.jpg\"><img loading=\"lazy\" decoding=\"async\" width=\"513\" height=\"808\" src=\"https:\/\/ussacyclo.fr\/wp-content\/uploads\/2025\/09\/BSA-2025-Route.jpg\" alt=\"\" class=\"wp-image-4234\" style=\"width:409px;height:auto\" srcset=\"https:\/\/ussacyclo.fr\/wp-content\/uploads\/2025\/09\/BSA-2025-Route.jpg 513w, https:\/\/ussacyclo.fr\/wp-content\/uploads\/2025\/09\/BSA-2025-Route-190x300.jpg 190w, https:\/\/ussacyclo.fr\/wp-content\/uploads\/2025\/09\/BSA-2025-Route-229x360.jpg 229w\" sizes=\"auto, (max-width: 513px) 100vw, 513px\" \/><\/a><\/figure>\n\n\n\n<hr class=\"wp-block-separator has-alpha-channel-opacity\"\/>\n\n\n\n<figure class=\"wp-block-image size-full\"><a href=\"https:\/\/ussacyclo.fr\/wp-content\/uploads\/2024\/06\/Image-Gravel-60-80_V1.jpg\"><img loading=\"lazy\" decoding=\"async\" width=\"466\" height=\"454\" src=\"https:\/\/ussacyclo.fr\/wp-content\/uploads\/2024\/06\/Image-Gravel-60-80_V1.jpg\" alt=\"\" class=\"wp-image-3477\" srcset=\"https:\/\/ussacyclo.fr\/wp-content\/uploads\/2024\/06\/Image-Gravel-60-80_V1.jpg 466w, https:\/\/ussacyclo.fr\/wp-content\/uploads\/2024\/06\/Image-Gravel-60-80_V1-300x292.jpg 300w, https:\/\/ussacyclo.fr\/wp-content\/uploads\/2024\/06\/Image-Gravel-60-80_V1-370x360.jpg 370w\" sizes=\"auto, (max-width: 466px) 100vw, 466px\" \/><\/a><\/figure>\n\n\n\n<p>Gravel : 2 parcours non balis\u00e9s (traces gpx fournies la veille de la rando) de 60 km \/ 600 mD+ et 80 km \/ 900 mD+.<\/p>\n\n\n\n<p>2 ravitaillements sur les parcours, ainsi qu&rsquo;\u00e0 l&rsquo;arriv\u00e9e.<br><\/p>\n\n\n\n<figure class=\"wp-block-image size-large\"><a href=\"https:\/\/ussacyclo.fr\/wp-content\/uploads\/2025\/07\/Parcours-Gravel-60-80-km_vf4.jpg\"><img loading=\"lazy\" decoding=\"async\" width=\"1024\" height=\"652\" src=\"https:\/\/ussacyclo.fr\/wp-content\/uploads\/2025\/07\/Parcours-Gravel-60-80-km_vf4-1024x652.jpg\" alt=\"\" class=\"wp-image-4182\" srcset=\"https:\/\/ussacyclo.fr\/wp-content\/uploads\/2025\/07\/Parcours-Gravel-60-80-km_vf4-1024x652.jpg 1024w, https:\/\/ussacyclo.fr\/wp-content\/uploads\/2025\/07\/Parcours-Gravel-60-80-km_vf4-300x191.jpg 300w, https:\/\/ussacyclo.fr\/wp-content\/uploads\/2025\/07\/Parcours-Gravel-60-80-km_vf4-768x489.jpg 768w, https:\/\/ussacyclo.fr\/wp-content\/uploads\/2025\/07\/Parcours-Gravel-60-80-km_vf4-565x360.jpg 565w, https:\/\/ussacyclo.fr\/wp-content\/uploads\/2025\/07\/Parcours-Gravel-60-80-km_vf4.jpg 1276w\" sizes=\"auto, (max-width: 1024px) 100vw, 1024px\" \/><\/a><\/figure>\n\n\n\n<hr class=\"wp-block-separator has-alpha-channel-opacity\" id=\"block-fdc804fa-0576-4ed1-ba3a-dfe83dd7205e\"\/>\n\n\n\n<figure class=\"wp-block-image\" id=\"block-0dc99c1b-3640-405b-8047-64102914c314\"><img decoding=\"async\" src=\"http:\/\/ussacyclo.fr\/wp-content\/uploads\/2019\/08\/VTT-stylis%C3%A9e.jpg\" alt=\"L\u2019attribut alt de cette image est vide, son nom de fichier est VTT-stylis%C3%A9e.jpg.\"\/><\/figure>\n\n\n\n<p id=\"block-b26e6ccc-c376-47d6-925f-1bbddc399b37\"><strong>VTT<\/strong>&nbsp;: 5 parcours balis\u00e9s de 12, 25, 40, 55 et 70 km \u00e0 travers les for\u00eats de St Benoit, Rochefort, Rambouillet, Ronqueux, Noncienne et Angervilliers.<\/p>\n\n\n\n<figure class=\"wp-block-table\"><table><tbody><tr><td>7<strong>0 KM [ XL ] : parcours marathon<\/strong><br>Ce parcours est taill\u00e9 pour les mollets les plus aff\u00fbt\u00e9s avec environ 1100 m de D+.<br>3 ravitaillements sur le parcours aux km 18, 34 et 53, ainsi qu&rsquo;\u00e0 l&rsquo;arriv\u00e9e (km69).<br><\/td><\/tr><tr><td><strong>55 KM [ L] : parcours sportif<\/strong><br>Avec environ 800 m de D+, ce parcours exigeant est fait pour ceux qui pratiquent r\u00e9guli\u00e8rement le VTT sur des distances et des d\u00e9nivel\u00e9s similaires.<br>2 ravitaillements sur le parcours aux km 18 et 34, ainsi qu&rsquo;\u00e0 l&rsquo;arriv\u00e9e (km56).<br><\/td><\/tr><tr><td><strong>40 KM [ M] : parcours loisirs<\/strong><br>Avec environ 550 m de D+, ce parcours devrait satisfaire tous ceux qui pratiquent r\u00e9guli\u00e8rement le VTT sur des distances proches de celle qui est propos\u00e9e.<br>1 ravitaillement sur le parcours au km 19, ainsi qu&rsquo;\u00e0 l&rsquo;arriv\u00e9e (km41).<br><\/td><\/tr><tr><td><strong>25 KM [ S ] : parcours familial<\/strong><br>Ce parcours est id\u00e9al pour les amateurs de sorties familiales mais ne n\u00e9gligez pas les 300m de d\u00e9nivel\u00e9 positif.<br>1 ravitaillement sur le parcours au km 11, ainsi qu&rsquo;\u00e0 l&rsquo;arriv\u00e9e (km27).<br><\/td><\/tr><tr><td><strong>12 KM [ XS ] : parcours d\u00e9couverte<\/strong><br>Ce parcours d&rsquo;une dizaine de km est recommand\u00e9 \u00e0 ceux qui veulent faire une sortie avec de jeunes enfants ou d\u00e9couvrir le VTT.<br>Un ravitaillement vous sera propos\u00e9 \u00e0 l&rsquo;arriv\u00e9e (km10).<\/td><\/tr><\/tbody><\/table><\/figure>\n\n\n\n<figure class=\"wp-block-image size-full\"><a href=\"https:\/\/ussacyclo.fr\/wp-content\/uploads\/2025\/09\/BSA2025_CarteVTT_v6-scaled.jpeg\"><img loading=\"lazy\" decoding=\"async\" width=\"2560\" height=\"2357\" src=\"https:\/\/ussacyclo.fr\/wp-content\/uploads\/2025\/09\/BSA2025_CarteVTT_v6-scaled.jpeg\" alt=\"\" class=\"wp-image-4235\" srcset=\"https:\/\/ussacyclo.fr\/wp-content\/uploads\/2025\/09\/BSA2025_CarteVTT_v6-scaled.jpeg 2560w, https:\/\/ussacyclo.fr\/wp-content\/uploads\/2025\/09\/BSA2025_CarteVTT_v6-300x276.jpeg 300w, https:\/\/ussacyclo.fr\/wp-content\/uploads\/2025\/09\/BSA2025_CarteVTT_v6-1024x943.jpeg 1024w, https:\/\/ussacyclo.fr\/wp-content\/uploads\/2025\/09\/BSA2025_CarteVTT_v6-768x707.jpeg 768w, https:\/\/ussacyclo.fr\/wp-content\/uploads\/2025\/09\/BSA2025_CarteVTT_v6-1536x1414.jpeg 1536w, https:\/\/ussacyclo.fr\/wp-content\/uploads\/2025\/09\/BSA2025_CarteVTT_v6-2048x1886.jpeg 2048w, https:\/\/ussacyclo.fr\/wp-content\/uploads\/2025\/09\/BSA2025_CarteVTT_v6-391x360.jpeg 391w\" sizes=\"auto, (max-width: 2560px) 100vw, 2560px\" \/><\/a><\/figure>\n\n\n\n<hr class=\"wp-block-separator is-style-wide\"\/>\n\n\n\n<figure class=\"wp-block-image size-full\" id=\"block-42e8e402-789b-43a5-acea-946697b28a80\"><img loading=\"lazy\" decoding=\"async\" width=\"696\" height=\"684\" src=\"https:\/\/ussacyclo.fr\/wp-content\/uploads\/2024\/08\/Image-Marche_8-10km_v1.png\" alt=\"\" class=\"wp-image-3579\" srcset=\"https:\/\/ussacyclo.fr\/wp-content\/uploads\/2024\/08\/Image-Marche_8-10km_v1.png 696w, https:\/\/ussacyclo.fr\/wp-content\/uploads\/2024\/08\/Image-Marche_8-10km_v1-300x295.png 300w, https:\/\/ussacyclo.fr\/wp-content\/uploads\/2024\/08\/Image-Marche_8-10km_v1-366x360.png 366w\" sizes=\"auto, (max-width: 696px) 100vw, 696px\" \/><\/figure>\n\n\n\n<p id=\"block-52a7812f-0de3-4233-9130-49fea2fcd108\"><strong>Marche<\/strong>&nbsp;: 2 parcours balis\u00e9s de 8 et 10 km pour un petit tour dans la for\u00eat du Br\u00e9au.<\/p>\n\n\n\n<figure class=\"wp-block-image size-full\"><a href=\"https:\/\/ussacyclo.fr\/wp-content\/uploads\/2025\/07\/Parcours-Marche-8-10-km.jpg\"><img loading=\"lazy\" decoding=\"async\" width=\"757\" height=\"487\" src=\"https:\/\/ussacyclo.fr\/wp-content\/uploads\/2025\/07\/Parcours-Marche-8-10-km.jpg\" alt=\"\" class=\"wp-image-4184\" srcset=\"https:\/\/ussacyclo.fr\/wp-content\/uploads\/2025\/07\/Parcours-Marche-8-10-km.jpg 757w, https:\/\/ussacyclo.fr\/wp-content\/uploads\/2025\/07\/Parcours-Marche-8-10-km-300x193.jpg 300w, https:\/\/ussacyclo.fr\/wp-content\/uploads\/2025\/07\/Parcours-Marche-8-10-km-560x360.jpg 560w\" sizes=\"auto, (max-width: 757px) 100vw, 757px\" \/><\/a><\/figure>\n\n\n\n<hr class=\"wp-block-separator has-alpha-channel-opacity\" id=\"block-a03dc684-ece5-4d60-9f60-91d95cd6d887\"\/>\n\n\n\n<p id=\"block-d023de45-0927-4384-926e-126b6f6bb055\"><\/p>\n","protected":false},"excerpt":{"rendered":"<p>Pr\u00e9sentation et informations En cas de question, n&rsquo;h\u00e9sitez pas \u00e0 nous contacter sur bsa@ussacyclo.fr Statut : Nous sommes pr\u00eats \u00e0 vous accueillir avec une m\u00e9t\u00e9o ensoleill\u00e9e ! Les diff\u00e9rentes demandes d&rsquo;autorisation (ONF, Pr\u00e9fectures, D\u00e9partements, Communes,&#8230;) ont \u00e9t\u00e9 satisfaites. Des frais&hellip;  <\/p>\n<p class=\"more-link\"><a href=\"https:\/\/ussacyclo.fr\/?page_id=4130\">Lire la suite <span class=\"meta-nav\">&rarr;<\/span><\/a><\/p>\n","protected":false},"author":3,"featured_media":0,"parent":0,"menu_order":0,"comment_status":"closed","ping_status":"closed","template":"","meta":{"footnotes":""},"class_list":["post-4130","page","type-page","status-publish","hentry"],"_links":{"self":[{"href":"https:\/\/ussacyclo.fr\/index.php?rest_route=\/wp\/v2\/pages\/4130","targetHints":{"allow":["GET"]}}],"collection":[{"href":"https:\/\/ussacyclo.fr\/index.php?rest_route=\/wp\/v2\/pages"}],"about":[{"href":"https:\/\/ussacyclo.fr\/index.php?rest_route=\/wp\/v2\/types\/page"}],"author":[{"embeddable":true,"href":"https:\/\/ussacyclo.fr\/index.php?rest_route=\/wp\/v2\/users\/3"}],"replies":[{"embeddable":true,"href":"https:\/\/ussacyclo.fr\/index.php?rest_route=%2Fwp%2Fv2%2Fcomments&post=4130"}],"version-history":[{"count":14,"href":"https:\/\/ussacyclo.fr\/index.php?rest_route=\/wp\/v2\/pages\/4130\/revisions"}],"predecessor-version":[{"id":4249,"href":"https:\/\/ussacyclo.fr\/index.php?rest_route=\/wp\/v2\/pages\/4130\/revisions\/4249"}],"wp:attachment":[{"href":"https:\/\/ussacyclo.fr\/index.php?rest_route=%2Fwp%2Fv2%2Fmedia&parent=4130"}],"curies":[{"name":"wp","href":"https:\/\/api.w.org\/{rel}","templated":true}]}}