{"id":4250,"date":"2025-09-12T13:41:58","date_gmt":"2025-09-12T11:41:58","guid":{"rendered":"https:\/\/ussacyclo.fr\/?page_id=4250"},"modified":"2025-09-12T18:27:18","modified_gmt":"2025-09-12T16:27:18","slug":"bsa-2025-album-photos","status":"publish","type":"page","link":"https:\/\/ussacyclo.fr\/?page_id=4250","title":{"rendered":"BSA 2025 &#8211; Album photos"},"content":{"rendered":"\n<figure class=\"wp-block-image size-large\"><img loading=\"lazy\" decoding=\"async\" width=\"1024\" height=\"133\" src=\"https:\/\/ussacyclo.fr\/wp-content\/uploads\/2024\/09\/BSA2024_Banniere-Helloasso-1024x133.png\" alt=\"\" class=\"wp-image-3658\" srcset=\"https:\/\/ussacyclo.fr\/wp-content\/uploads\/2024\/09\/BSA2024_Banniere-Helloasso-1024x133.png 1024w, https:\/\/ussacyclo.fr\/wp-content\/uploads\/2024\/09\/BSA2024_Banniere-Helloasso-300x39.png 300w, https:\/\/ussacyclo.fr\/wp-content\/uploads\/2024\/09\/BSA2024_Banniere-Helloasso-768x100.png 768w, https:\/\/ussacyclo.fr\/wp-content\/uploads\/2024\/09\/BSA2024_Banniere-Helloasso-1536x200.png 1536w, https:\/\/ussacyclo.fr\/wp-content\/uploads\/2024\/09\/BSA2024_Banniere-Helloasso-994x129.png 994w, https:\/\/ussacyclo.fr\/wp-content\/uploads\/2024\/09\/BSA2024_Banniere-Helloasso.png 1889w\" sizes=\"auto, (max-width: 1024px) 100vw, 1024px\" \/><\/figure>\n\n\n\n<p><\/p>\n\n\n\n<p>Merci de votre participation \u00e0 l&rsquo;\u00e9dition 2025 des randonn\u00e9es du Bon St Arnoult !<\/p>\n\n\n\n<p>Nous vous donnons rendez-vous au <strong>dimanche 6 septembre 2026<\/strong> pour la prochaine \u00e9dition du BSA.<\/p>\n\n\n\n<p>D\u2019ici l\u00e0, portez vous bien et prenez un maximum de plaisir au cours de vos prochaines randonn\u00e9es VTT\/VTTAE, Gravel, Cyclo route ou p\u00e9destre.<\/p>\n\n\n\n<p>Question photo, on a pas mal mitraill\u00e9 cette ann\u00e9e et le soleil nous a bien aid\u00e9. Cette ann\u00e9e, j&rsquo;avais un passionn\u00e9 de la photo \u00e0 mes c\u00f4t\u00e9s (merci Jean-Pierre) aussi les spots sont plus vari\u00e9s, plus nombreux (Bois de Rochefort, Bois des Gaulles, Les grands Chaillots, corniche voie verte&#8230;). Et comme souvent, la vue de l&rsquo;objectif d\u00e9clenche un sourire ou un petit geste bien sympa. C&rsquo;est top, merci pour cela !<\/p>\n\n\n\n<p><strong>L\u2019album photo est ici :<\/strong>\u00a0<a href=\"https:\/\/photos.app.goo.gl\/S7UiS9A7ZgwcRGPV8\"><strong>BSA 2025 (VTT + Zone D\u00e9part\/Arriv\u00e9e)<\/strong><\/a><\/p>\n\n\n\n<p>Merci \u00e9galement \u00e0 C\u00e9dric (AGSE), pour le partage de ses <a href=\"https:\/\/img.gg\/fQKo9Xy\"><strong>photos<\/strong><\/a> et d&rsquo;une <a href=\"https:\/\/youtu.be\/Ft0IxhivAL4?si=t9W302q-JCE82YEs\"><strong>vid\u00e9o<\/strong><\/a> prises sur le parcours Gravel 80 km.<\/p>\n\n\n\n<p>Bon visionnage !<\/p>\n\n\n\n<p><\/p>\n\n\n\n<figure class=\"wp-block-image\"><img loading=\"lazy\" decoding=\"async\" width=\"778\" height=\"327\" src=\"https:\/\/ussacyclo.fr\/wp-content\/uploads\/2023\/09\/bloc-marque-club-affilie-logo-USSA-cyclo_V5.jpg\" alt=\"\" class=\"wp-image-3040\" srcset=\"https:\/\/ussacyclo.fr\/wp-content\/uploads\/2023\/09\/bloc-marque-club-affilie-logo-USSA-cyclo_V5.jpg 778w, https:\/\/ussacyclo.fr\/wp-content\/uploads\/2023\/09\/bloc-marque-club-affilie-logo-USSA-cyclo_V5-300x126.jpg 300w, https:\/\/ussacyclo.fr\/wp-content\/uploads\/2023\/09\/bloc-marque-club-affilie-logo-USSA-cyclo_V5-768x323.jpg 768w\" sizes=\"auto, (max-width: 778px) 100vw, 778px\" \/><\/figure>\n\n\n\n<p><\/p>\n","protected":false},"excerpt":{"rendered":"<p>Merci de votre participation \u00e0 l&rsquo;\u00e9dition 2025 des randonn\u00e9es du Bon St Arnoult ! Nous vous donnons rendez-vous au dimanche 6 septembre 2026 pour la prochaine \u00e9dition du BSA. D\u2019ici l\u00e0, portez vous bien et prenez un maximum de plaisir&hellip;  <\/p>\n<p class=\"more-link\"><a href=\"https:\/\/ussacyclo.fr\/?page_id=4250\">Lire la suite <span class=\"meta-nav\">&rarr;<\/span><\/a><\/p>\n","protected":false},"author":3,"featured_media":0,"parent":0,"menu_order":0,"comment_status":"closed","ping_status":"closed","template":"","meta":{"footnotes":""},"class_list":["post-4250","page","type-page","status-publish","hentry"],"_links":{"self":[{"href":"https:\/\/ussacyclo.fr\/index.php?rest_route=\/wp\/v2\/pages\/4250","targetHints":{"allow":["GET"]}}],"collection":[{"href":"https:\/\/ussacyclo.fr\/index.php?rest_route=\/wp\/v2\/pages"}],"about":[{"href":"https:\/\/ussacyclo.fr\/index.php?rest_route=\/wp\/v2\/types\/page"}],"author":[{"embeddable":true,"href":"https:\/\/ussacyclo.fr\/index.php?rest_route=\/wp\/v2\/users\/3"}],"replies":[{"embeddable":true,"href":"https:\/\/ussacyclo.fr\/index.php?rest_route=%2Fwp%2Fv2%2Fcomments&post=4250"}],"version-history":[{"count":5,"href":"https:\/\/ussacyclo.fr\/index.php?rest_route=\/wp\/v2\/pages\/4250\/revisions"}],"predecessor-version":[{"id":4263,"href":"https:\/\/ussacyclo.fr\/index.php?rest_route=\/wp\/v2\/pages\/4250\/revisions\/4263"}],"wp:attachment":[{"href":"https:\/\/ussacyclo.fr\/index.php?rest_route=%2Fwp%2Fv2%2Fmedia&parent=4250"}],"curies":[{"name":"wp","href":"https:\/\/api.w.org\/{rel}","templated":true}]}}